{"id":60,"date":"2014-08-13T12:37:18","date_gmt":"2014-08-13T10:37:18","guid":{"rendered":"http:\/\/www.xn--schn-fahrrder-kfb6x.de\/rsv\/?page_id=60"},"modified":"2025-06-04T17:35:35","modified_gmt":"2025-06-04T15:35:35","slug":"vorstand","status":"publish","type":"page","link":"https:\/\/rsv-gau-algesheim.de\/?page_id=60","title":{"rendered":"VORSTAND"},"content":{"rendered":"\n<h5 class=\"wp-block-heading\">GESCH\u00c4FTSF\u00dcHRENDER VORSTAND<\/h5>\n\n\n\n<div style=\"height:1rem\" aria-hidden=\"true\" class=\"wp-block-spacer\"><\/div>\n\n\n\n<div class=\"wp-block-group is-layout-grid wp-container-core-group-is-layout-f8e33b00 wp-block-group-is-layout-grid\">\n<div class=\"wp-block-group wp-container-content-b5090af8 is-vertical is-content-justification-center is-layout-flex wp-container-core-group-is-layout-0472769e wp-block-group-is-layout-flex\"><div class=\"wp-block-image wp-image-3236\">\n<figure class=\"aligncenter size-large\"><img loading=\"lazy\" decoding=\"async\" width=\"684\" height=\"1024\" src=\"https:\/\/rsv-gau-algesheim.de\/wp-content\/uploads\/2023\/04\/Anita-684x1024.jpg\" alt=\"\" class=\"wp-image-3235\" style=\"aspect-ratio:3\/4;object-fit:cover\" srcset=\"https:\/\/rsv-gau-algesheim.de\/wp-content\/uploads\/2023\/04\/Anita-684x1024.jpg 684w, https:\/\/rsv-gau-algesheim.de\/wp-content\/uploads\/2023\/04\/Anita-200x300.jpg 200w, https:\/\/rsv-gau-algesheim.de\/wp-content\/uploads\/2023\/04\/Anita-768x1151.jpg 768w, https:\/\/rsv-gau-algesheim.de\/wp-content\/uploads\/2023\/04\/Anita-1025x1536.jpg 1025w, https:\/\/rsv-gau-algesheim.de\/wp-content\/uploads\/2023\/04\/Anita-1367x2048.jpg 1367w, https:\/\/rsv-gau-algesheim.de\/wp-content\/uploads\/2023\/04\/Anita-scaled.jpg 1709w\" sizes=\"auto, (max-width: 684px) 100vw, 684px\" \/><\/figure>\n<\/div>\n\n\n<p class=\"has-text-align-center\"><strong>Anita Schaberger<\/strong><br>1. Vorsitzende<\/p>\n<\/div>\n\n\n\n<div class=\"wp-block-group is-vertical is-content-justification-center is-layout-flex wp-container-core-group-is-layout-4b2eccd6 wp-block-group-is-layout-flex\"><div class=\"wp-block-image wp-image-3229\">\n<figure class=\"aligncenter size-large\"><img loading=\"lazy\" decoding=\"async\" width=\"684\" height=\"1024\" src=\"https:\/\/rsv-gau-algesheim.de\/wp-content\/uploads\/2023\/04\/Andrea-684x1024.jpg\" alt=\"\" class=\"wp-image-3234\" style=\"aspect-ratio:3\/4;object-fit:cover\" srcset=\"https:\/\/rsv-gau-algesheim.de\/wp-content\/uploads\/2023\/04\/Andrea-684x1024.jpg 684w, https:\/\/rsv-gau-algesheim.de\/wp-content\/uploads\/2023\/04\/Andrea-200x300.jpg 200w, https:\/\/rsv-gau-algesheim.de\/wp-content\/uploads\/2023\/04\/Andrea-768x1150.jpg 768w, https:\/\/rsv-gau-algesheim.de\/wp-content\/uploads\/2023\/04\/Andrea-1025x1536.jpg 1025w, https:\/\/rsv-gau-algesheim.de\/wp-content\/uploads\/2023\/04\/Andrea-1367x2048.jpg 1367w, https:\/\/rsv-gau-algesheim.de\/wp-content\/uploads\/2023\/04\/Andrea-scaled.jpg 1709w\" sizes=\"auto, (max-width: 684px) 100vw, 684px\" \/><\/figure>\n<\/div>\n\n\n<p class=\"has-text-align-center\"><strong>Andrea B\u00f6er <\/strong><br>2. Vorsitzende<\/p>\n<\/div>\n\n\n\n<div class=\"wp-block-group is-vertical is-content-justification-center is-layout-flex wp-container-core-group-is-layout-4b2eccd6 wp-block-group-is-layout-flex\"><div class=\"wp-block-image wp-image-3239\">\n<figure class=\"aligncenter size-large\"><img loading=\"lazy\" decoding=\"async\" width=\"684\" height=\"1024\" src=\"https:\/\/rsv-gau-algesheim.de\/wp-content\/uploads\/2023\/04\/Klaus-Boeer-684x1024.jpg\" alt=\"\" class=\"wp-image-3239\" style=\"aspect-ratio:3\/4;object-fit:cover\" srcset=\"https:\/\/rsv-gau-algesheim.de\/wp-content\/uploads\/2023\/04\/Klaus-Boeer-684x1024.jpg 684w, https:\/\/rsv-gau-algesheim.de\/wp-content\/uploads\/2023\/04\/Klaus-Boeer-200x300.jpg 200w, https:\/\/rsv-gau-algesheim.de\/wp-content\/uploads\/2023\/04\/Klaus-Boeer-768x1151.jpg 768w, https:\/\/rsv-gau-algesheim.de\/wp-content\/uploads\/2023\/04\/Klaus-Boeer-1025x1536.jpg 1025w, https:\/\/rsv-gau-algesheim.de\/wp-content\/uploads\/2023\/04\/Klaus-Boeer-1367x2048.jpg 1367w, https:\/\/rsv-gau-algesheim.de\/wp-content\/uploads\/2023\/04\/Klaus-Boeer-scaled.jpg 1709w\" sizes=\"auto, (max-width: 684px) 100vw, 684px\" \/><\/figure>\n<\/div>\n\n\n<p class=\"has-text-align-center\"><strong>Klaus B\u00f6er<\/strong> <br>Gesch\u00e4ftsf\u00fchrer<\/p>\n<\/div>\n\n\n\n<div class=\"wp-block-group is-vertical is-content-justification-center is-layout-flex wp-container-core-group-is-layout-4b2eccd6 wp-block-group-is-layout-flex\"><div class=\"wp-block-image wp-image-3240\">\n<figure class=\"aligncenter size-large\"><img loading=\"lazy\" decoding=\"async\" width=\"576\" height=\"1024\" src=\"https:\/\/rsv-gau-algesheim.de\/wp-content\/uploads\/2023\/09\/DSCF2492-576x1024.jpg\" alt=\"\" class=\"wp-image-3417\" style=\"aspect-ratio:3\/4;object-fit:cover\" srcset=\"https:\/\/rsv-gau-algesheim.de\/wp-content\/uploads\/2023\/09\/DSCF2492-576x1024.jpg 576w, https:\/\/rsv-gau-algesheim.de\/wp-content\/uploads\/2023\/09\/DSCF2492-169x300.jpg 169w, https:\/\/rsv-gau-algesheim.de\/wp-content\/uploads\/2023\/09\/DSCF2492-768x1365.jpg 768w, https:\/\/rsv-gau-algesheim.de\/wp-content\/uploads\/2023\/09\/DSCF2492-864x1536.jpg 864w, https:\/\/rsv-gau-algesheim.de\/wp-content\/uploads\/2023\/09\/DSCF2492-1152x2048.jpg 1152w, https:\/\/rsv-gau-algesheim.de\/wp-content\/uploads\/2023\/09\/DSCF2492-scaled.jpg 1440w\" sizes=\"auto, (max-width: 576px) 100vw, 576px\" \/><\/figure>\n<\/div>\n\n\n<p class=\"has-text-align-center\"><strong>Anna Kegler <\/strong><br>Finanzreferent<\/p>\n<\/div>\n\n\n\n<div class=\"wp-block-group is-vertical is-content-justification-center is-layout-flex wp-container-core-group-is-layout-0472769e wp-block-group-is-layout-flex\">\n<div class=\"wp-block-group wp-container-content-9cfa9a5a\"><div class=\"wp-block-group__inner-container is-layout-constrained wp-block-group-is-layout-constrained\"><div class=\"wp-block-image wp-image-3240 is-style-default\">\n<figure class=\"aligncenter size-full wp-container-content-9cfa9a5a\"><img loading=\"lazy\" decoding=\"async\" width=\"232\" height=\"243\" src=\"https:\/\/rsv-gau-algesheim.de\/wp-content\/uploads\/2025\/03\/Platzhalter.jpg\" alt=\"\" class=\"wp-image-3625\" style=\"aspect-ratio:3\/4;object-fit:cover\"\/><\/figure>\n<\/div><\/div><\/div>\n\n\n\n<p class=\"has-text-align-center\"><strong>Sandra Schaberger<\/strong> <br>Beisitzerin<\/p>\n<\/div>\n\n\n\n<div class=\"wp-block-group is-vertical is-content-justification-center is-layout-flex wp-container-core-group-is-layout-4b2eccd6 wp-block-group-is-layout-flex\">\n<div class=\"wp-block-group wp-container-content-9cfa9a5a\"><div class=\"wp-block-group__inner-container is-layout-constrained wp-block-group-is-layout-constrained\"><div class=\"wp-block-image wp-image-3230\">\n<figure class=\"aligncenter size-full wp-container-content-9cfa9a5a\"><img loading=\"lazy\" decoding=\"async\" width=\"232\" height=\"243\" src=\"https:\/\/rsv-gau-algesheim.de\/wp-content\/uploads\/2025\/03\/Platzhalter.jpg\" alt=\"\" class=\"wp-image-3625\" style=\"aspect-ratio:3\/4;object-fit:cover\"\/><\/figure>\n<\/div><\/div><\/div>\n\n\n\n<p class=\"has-text-align-center\"><strong>Peter Gerharz<\/strong> <br>Beisitzer<\/p>\n<\/div>\n\n\n\n<div class=\"wp-block-group is-vertical is-content-justification-center is-layout-flex wp-container-core-group-is-layout-4b2eccd6 wp-block-group-is-layout-flex\">\n<div class=\"wp-block-group wp-container-content-9cfa9a5a\"><div class=\"wp-block-group__inner-container is-layout-constrained wp-block-group-is-layout-constrained\"><div class=\"wp-block-image\">\n<figure class=\"aligncenter size-full wp-container-content-9cfa9a5a\"><img loading=\"lazy\" decoding=\"async\" width=\"232\" height=\"243\" src=\"https:\/\/rsv-gau-algesheim.de\/wp-content\/uploads\/2025\/03\/Platzhalter.jpg\" alt=\"\" class=\"wp-image-3625\" style=\"aspect-ratio:3\/4;object-fit:cover\"\/><\/figure>\n<\/div><\/div><\/div>\n\n\n\n<p class=\"has-text-align-center\"><strong>Matthias Sch\u00f6n<\/strong><br>Beisitzer<\/p>\n<\/div>\n\n\n\n<div class=\"wp-block-group is-vertical is-content-justification-center is-layout-flex wp-container-core-group-is-layout-4b2eccd6 wp-block-group-is-layout-flex\"><div class=\"wp-block-image wp-image-3233\">\n<figure class=\"aligncenter size-large\"><img loading=\"lazy\" decoding=\"async\" width=\"1919\" height=\"2560\" src=\"https:\/\/rsv-gau-algesheim.de\/wp-content\/uploads\/2025\/06\/Werner-schoen-edited-scaled.jpg\" alt=\"\" class=\"wp-image-3731\" style=\"aspect-ratio:3\/4;object-fit:cover\" srcset=\"https:\/\/rsv-gau-algesheim.de\/wp-content\/uploads\/2025\/06\/Werner-schoen-edited-scaled.jpg 1919w, https:\/\/rsv-gau-algesheim.de\/wp-content\/uploads\/2025\/06\/Werner-schoen-edited-225x300.jpg 225w, https:\/\/rsv-gau-algesheim.de\/wp-content\/uploads\/2025\/06\/Werner-schoen-edited-768x1024.jpg 768w, https:\/\/rsv-gau-algesheim.de\/wp-content\/uploads\/2025\/06\/Werner-schoen-edited-1152x1536.jpg 1152w, https:\/\/rsv-gau-algesheim.de\/wp-content\/uploads\/2025\/06\/Werner-schoen-edited-1535x2048.jpg 1535w\" sizes=\"auto, (max-width: 1919px) 100vw, 1919px\" \/><\/figure>\n<\/div>\n\n\n<p class=\"has-text-align-center\"><strong>Werner Sch\u00f6n<\/strong> <br>Ehrenvorsitzender<\/p>\n<\/div>\n<\/div>\n\n\n\n<div style=\"height:3rem\" aria-hidden=\"true\" class=\"wp-block-spacer\"><\/div>\n\n\n\n<h5 class=\"wp-block-heading\">ERWEITERTER VORSTAND<\/h5>\n\n\n\n<div style=\"height:1rem\" aria-hidden=\"true\" class=\"wp-block-spacer\"><\/div>\n\n\n\n<div class=\"wp-block-group is-layout-grid wp-container-core-group-is-layout-e8b78b74 wp-block-group-is-layout-grid\">\n<div class=\"wp-block-group is-vertical is-content-justification-center is-layout-flex wp-container-core-group-is-layout-4b2eccd6 wp-block-group-is-layout-flex\"><div class=\"wp-block-image wp-image-3235\">\n<figure class=\"aligncenter size-large wp-container-content-69bc4bdf\"><img loading=\"lazy\" decoding=\"async\" width=\"684\" height=\"1024\" src=\"https:\/\/rsv-gau-algesheim.de\/wp-content\/uploads\/2023\/04\/Christiane-684x1024.jpg\" alt=\"\" class=\"wp-image-3236\" style=\"aspect-ratio:3\/4;object-fit:cover\" srcset=\"https:\/\/rsv-gau-algesheim.de\/wp-content\/uploads\/2023\/04\/Christiane-684x1024.jpg 684w, https:\/\/rsv-gau-algesheim.de\/wp-content\/uploads\/2023\/04\/Christiane-200x300.jpg 200w, https:\/\/rsv-gau-algesheim.de\/wp-content\/uploads\/2023\/04\/Christiane-768x1150.jpg 768w, https:\/\/rsv-gau-algesheim.de\/wp-content\/uploads\/2023\/04\/Christiane-1025x1536.jpg 1025w, https:\/\/rsv-gau-algesheim.de\/wp-content\/uploads\/2023\/04\/Christiane-1367x2048.jpg 1367w, https:\/\/rsv-gau-algesheim.de\/wp-content\/uploads\/2023\/04\/Christiane-scaled.jpg 1709w\" sizes=\"auto, (max-width: 684px) 100vw, 684px\" \/><\/figure>\n<\/div>\n\n\n<p class=\"has-text-align-center\"><strong>Christiane Sch\u00f6n<\/strong> <br>Vorsitzende Wirtschaftskommission<\/p>\n<\/div>\n\n\n\n<div class=\"wp-block-group is-vertical is-content-justification-center is-layout-flex wp-container-core-group-is-layout-4b2eccd6 wp-block-group-is-layout-flex\">\n<div class=\"wp-block-group wp-container-content-9cfa9a5a\"><div class=\"wp-block-group__inner-container is-layout-constrained wp-block-group-is-layout-constrained\"><div class=\"wp-block-image\">\n<figure class=\"aligncenter size-full wp-container-content-9cfa9a5a\"><img loading=\"lazy\" decoding=\"async\" width=\"232\" height=\"243\" src=\"https:\/\/rsv-gau-algesheim.de\/wp-content\/uploads\/2025\/03\/Platzhalter.jpg\" alt=\"\" class=\"wp-image-3625\" style=\"aspect-ratio:3\/4;object-fit:cover\"\/><\/figure>\n<\/div><\/div><\/div>\n\n\n\n<p class=\"has-text-align-center\"><strong>Alexandra Thom\u00e4<\/strong> <br>Vorsitzende Sportausschuss<\/p>\n<\/div>\n\n\n\n<div class=\"wp-block-group is-vertical is-content-justification-center is-layout-flex wp-container-core-group-is-layout-4b2eccd6 wp-block-group-is-layout-flex\">\n<div class=\"wp-block-group wp-container-content-9cfa9a5a\"><div class=\"wp-block-group__inner-container is-layout-constrained wp-block-group-is-layout-constrained\"><div class=\"wp-block-image wp-image-3241\">\n<figure class=\"aligncenter size-full wp-container-content-9cfa9a5a\"><img loading=\"lazy\" decoding=\"async\" width=\"232\" height=\"243\" src=\"https:\/\/rsv-gau-algesheim.de\/wp-content\/uploads\/2025\/03\/Platzhalter.jpg\" alt=\"\" class=\"wp-image-3625\" style=\"aspect-ratio:3\/4;object-fit:cover\"\/><\/figure>\n<\/div><\/div><\/div>\n\n\n\n<p class=\"has-text-align-center\"><strong>Erik Handschuh<\/strong><br>Referent \u00d6ffentlichkeitsarbeit<\/p>\n<\/div>\n\n\n\n<div class=\"wp-block-group is-vertical is-content-justification-center is-layout-flex wp-container-core-group-is-layout-4b2eccd6 wp-block-group-is-layout-flex\"><div class=\"wp-block-image wp-image-3238\">\n<figure class=\"aligncenter size-large\"><img loading=\"lazy\" decoding=\"async\" width=\"684\" height=\"1024\" src=\"https:\/\/rsv-gau-algesheim.de\/wp-content\/uploads\/2023\/04\/Hermann-684x1024.jpg\" alt=\"\" class=\"wp-image-3238\" style=\"aspect-ratio:3\/4;object-fit:cover\" srcset=\"https:\/\/rsv-gau-algesheim.de\/wp-content\/uploads\/2023\/04\/Hermann-684x1024.jpg 684w, https:\/\/rsv-gau-algesheim.de\/wp-content\/uploads\/2023\/04\/Hermann-200x300.jpg 200w, https:\/\/rsv-gau-algesheim.de\/wp-content\/uploads\/2023\/04\/Hermann-768x1150.jpg 768w, https:\/\/rsv-gau-algesheim.de\/wp-content\/uploads\/2023\/04\/Hermann-1025x1536.jpg 1025w, https:\/\/rsv-gau-algesheim.de\/wp-content\/uploads\/2023\/04\/Hermann-1367x2048.jpg 1367w, https:\/\/rsv-gau-algesheim.de\/wp-content\/uploads\/2023\/04\/Hermann-scaled.jpg 1709w\" sizes=\"auto, (max-width: 684px) 100vw, 684px\" \/><\/figure>\n<\/div>\n\n\n<p class=\"has-text-align-center\"><strong>Hermann Sch\u00f6n<\/strong> <br>Abteilungsleiter Breitensport<\/p>\n<\/div>\n\n\n\n<div class=\"wp-block-group is-vertical is-content-justification-center is-layout-flex wp-container-core-group-is-layout-4b2eccd6 wp-block-group-is-layout-flex\"><div class=\"wp-block-image wp-image-3232\">\n<figure class=\"aligncenter size-large\"><img loading=\"lazy\" decoding=\"async\" width=\"576\" height=\"1024\" src=\"https:\/\/rsv-gau-algesheim.de\/wp-content\/uploads\/2023\/09\/DSCF2478-576x1024.jpg\" alt=\"\" class=\"wp-image-3420\" style=\"aspect-ratio:3\/4;object-fit:cover\"\/><\/figure>\n<\/div>\n\n\n<p class=\"has-text-align-center\"><strong>Katrin B\u00f6er<\/strong><br>Abteilungsleiter Kunstrad<\/p>\n<\/div>\n\n\n\n<div class=\"wp-block-group is-vertical is-content-justification-center is-layout-flex wp-container-core-group-is-layout-4b2eccd6 wp-block-group-is-layout-flex\">\n<div class=\"wp-block-group wp-container-content-9cfa9a5a\"><div class=\"wp-block-group__inner-container is-layout-constrained wp-block-group-is-layout-constrained\"><div class=\"wp-block-image wp-image-3232\">\n<figure class=\"aligncenter size-full wp-container-content-9cfa9a5a\"><img loading=\"lazy\" decoding=\"async\" width=\"232\" height=\"243\" src=\"https:\/\/rsv-gau-algesheim.de\/wp-content\/uploads\/2025\/03\/Platzhalter.jpg\" alt=\"\" class=\"wp-image-3625\" style=\"aspect-ratio:3\/4;object-fit:cover\"\/><\/figure>\n<\/div><\/div><\/div>\n\n\n\n<p class=\"has-text-align-center\"><strong>Lukas Rauch<\/strong><br>Abteilungsleiter Radball<\/p>\n<\/div>\n\n\n\n<div class=\"wp-block-group is-vertical is-content-justification-center is-layout-flex wp-container-core-group-is-layout-4b2eccd6 wp-block-group-is-layout-flex\"><div class=\"wp-block-image\">\n<figure class=\"aligncenter size-large\"><img loading=\"lazy\" decoding=\"async\" width=\"576\" height=\"1024\" src=\"https:\/\/rsv-gau-algesheim.de\/wp-content\/uploads\/2023\/09\/DSCF2466-576x1024.jpg\" alt=\"\" class=\"wp-image-3419\" style=\"aspect-ratio:3\/4;object-fit:cover\" srcset=\"https:\/\/rsv-gau-algesheim.de\/wp-content\/uploads\/2023\/09\/DSCF2466-576x1024.jpg 576w, https:\/\/rsv-gau-algesheim.de\/wp-content\/uploads\/2023\/09\/DSCF2466-169x300.jpg 169w, https:\/\/rsv-gau-algesheim.de\/wp-content\/uploads\/2023\/09\/DSCF2466-768x1365.jpg 768w, https:\/\/rsv-gau-algesheim.de\/wp-content\/uploads\/2023\/09\/DSCF2466-864x1536.jpg 864w, https:\/\/rsv-gau-algesheim.de\/wp-content\/uploads\/2023\/09\/DSCF2466-1152x2048.jpg 1152w, https:\/\/rsv-gau-algesheim.de\/wp-content\/uploads\/2023\/09\/DSCF2466-scaled.jpg 1440w\" sizes=\"auto, (max-width: 576px) 100vw, 576px\" \/><\/figure>\n<\/div>\n\n\n<p class=\"has-text-align-center\"><strong>Myriam Zocher<\/strong><br>Referentin Jugendarbeit<\/p>\n<\/div>\n\n\n\n<div class=\"wp-block-group is-vertical is-content-justification-center is-layout-flex wp-container-core-group-is-layout-4b2eccd6 wp-block-group-is-layout-flex\">\n<div class=\"wp-block-group wp-container-content-9cfa9a5a\"><div class=\"wp-block-group__inner-container is-layout-constrained wp-block-group-is-layout-constrained\"><div class=\"wp-block-image\">\n<figure class=\"aligncenter size-full wp-container-content-9cfa9a5a\"><img loading=\"lazy\" decoding=\"async\" width=\"232\" height=\"243\" src=\"https:\/\/rsv-gau-algesheim.de\/wp-content\/uploads\/2025\/03\/Platzhalter.jpg\" alt=\"\" class=\"wp-image-3625\" style=\"aspect-ratio:3\/4;object-fit:cover\"\/><\/figure>\n<\/div><\/div><\/div>\n\n\n\n<p class=\"has-text-align-center\"><strong>Peter Sch\u00f6n<\/strong><br>Hallenverwalter<\/p>\n<\/div>\n<\/div>\n\n\n\n<p><\/p>\n","protected":false},"excerpt":{"rendered":"<p>GESCH\u00c4FTSF\u00dcHRENDER VORSTAND Anita Schaberger1. Vorsitzende Andrea B\u00f6er 2. Vorsitzende Klaus B\u00f6er Gesch\u00e4ftsf\u00fchrer Anna Kegler Finanzreferent Sandra Schaberger Beisitzerin Peter Gerharz Beisitzer Matthias Sch\u00f6nBeisitzer Werner Sch\u00f6n Ehrenvorsitzender ERWEITERTER VORSTAND Christiane Sch\u00f6n Vorsitzende Wirtschaftskommission Alexandra Thom\u00e4 Vorsitzende Sportausschuss Erik HandschuhReferent \u00d6ffentlichkeitsarbeit Hermann Sch\u00f6n Abteilungsleiter Breitensport Katrin B\u00f6erAbteilungsleiter Kunstrad Lukas RauchAbteilungsleiter Radball Myriam ZocherReferentin Jugendarbeit Peter Sch\u00f6nHallenverwalter<\/p>\n","protected":false},"author":2,"featured_media":0,"parent":9,"menu_order":1,"comment_status":"closed","ping_status":"closed","template":"","meta":{"footnotes":""},"class_list":["post-60","page","type-page","status-publish","hentry"],"jetpack_sharing_enabled":true,"_links":{"self":[{"href":"https:\/\/rsv-gau-algesheim.de\/index.php?rest_route=\/wp\/v2\/pages\/60","targetHints":{"allow":["GET"]}}],"collection":[{"href":"https:\/\/rsv-gau-algesheim.de\/index.php?rest_route=\/wp\/v2\/pages"}],"about":[{"href":"https:\/\/rsv-gau-algesheim.de\/index.php?rest_route=\/wp\/v2\/types\/page"}],"author":[{"embeddable":true,"href":"https:\/\/rsv-gau-algesheim.de\/index.php?rest_route=\/wp\/v2\/users\/2"}],"replies":[{"embeddable":true,"href":"https:\/\/rsv-gau-algesheim.de\/index.php?rest_route=%2Fwp%2Fv2%2Fcomments&post=60"}],"version-history":[{"count":125,"href":"https:\/\/rsv-gau-algesheim.de\/index.php?rest_route=\/wp\/v2\/pages\/60\/revisions"}],"predecessor-version":[{"id":3733,"href":"https:\/\/rsv-gau-algesheim.de\/index.php?rest_route=\/wp\/v2\/pages\/60\/revisions\/3733"}],"up":[{"embeddable":true,"href":"https:\/\/rsv-gau-algesheim.de\/index.php?rest_route=\/wp\/v2\/pages\/9"}],"wp:attachment":[{"href":"https:\/\/rsv-gau-algesheim.de\/index.php?rest_route=%2Fwp%2Fv2%2Fmedia&parent=60"}],"curies":[{"name":"wp","href":"https:\/\/api.w.org\/{rel}","templated":true}]}}